{"id":978,"date":"2021-07-23T16:41:11","date_gmt":"2021-07-23T19:41:11","guid":{"rendered":"https:\/\/pragentever.com\/?page_id=978"},"modified":"2021-07-23T16:49:19","modified_gmt":"2021-07-23T19:49:19","slug":"privacidade","status":"publish","type":"page","link":"https:\/\/pragentever.com\/privacidade\/","title":{"rendered":"Privacidade"},"content":{"rendered":"\t\t<div data-elementor-type=\"wp-page\" data-elementor-id=\"978\" class=\"elementor elementor-978\" data-elementor-post-type=\"page\">\n\t\t\t\t\t\t<section class=\"elementor-section elementor-top-section elementor-element elementor-element-603272de elementor-section-content-top elementor-hidden-phone elementor-section-boxed elementor-section-height-default elementor-section-height-default\" data-id=\"603272de\" data-element_type=\"section\" data-e-type=\"section\" data-settings=\"{&quot;background_background&quot;:&quot;classic&quot;,&quot;jet_parallax_layout_list&quot;:[{&quot;_id&quot;:&quot;7ba8416&quot;,&quot;jet_parallax_layout_image&quot;:{&quot;url&quot;:&quot;&quot;,&quot;id&quot;:&quot;&quot;,&quot;size&quot;:&quot;&quot;},&quot;jet_parallax_layout_image_tablet&quot;:{&quot;url&quot;:&quot;&quot;,&quot;id&quot;:&quot;&quot;,&quot;size&quot;:&quot;&quot;},&quot;jet_parallax_layout_image_mobile&quot;:{&quot;url&quot;:&quot;&quot;,&quot;id&quot;:&quot;&quot;,&quot;size&quot;:&quot;&quot;},&quot;jet_parallax_layout_speed&quot;:{&quot;unit&quot;:&quot;%&quot;,&quot;size&quot;:50,&quot;sizes&quot;:[]},&quot;jet_parallax_layout_type&quot;:&quot;scroll&quot;,&quot;jet_parallax_layout_direction&quot;:null,&quot;jet_parallax_layout_fx_direction&quot;:null,&quot;jet_parallax_layout_z_index&quot;:&quot;&quot;,&quot;jet_parallax_layout_bg_x&quot;:50,&quot;jet_parallax_layout_bg_x_tablet&quot;:&quot;&quot;,&quot;jet_parallax_layout_bg_x_mobile&quot;:&quot;&quot;,&quot;jet_parallax_layout_bg_y&quot;:50,&quot;jet_parallax_layout_bg_y_tablet&quot;:&quot;&quot;,&quot;jet_parallax_layout_bg_y_mobile&quot;:&quot;&quot;,&quot;jet_parallax_layout_bg_size&quot;:&quot;auto&quot;,&quot;jet_parallax_layout_bg_size_tablet&quot;:&quot;&quot;,&quot;jet_parallax_layout_bg_size_mobile&quot;:&quot;&quot;,&quot;jet_parallax_layout_animation_prop&quot;:&quot;transform&quot;,&quot;jet_parallax_layout_on&quot;:[&quot;desktop&quot;,&quot;tablet&quot;]}]}\">\n\t\t\t\t\t\t<div class=\"elementor-container elementor-column-gap-default\">\n\t\t\t\t\t<div class=\"elementor-column elementor-col-100 elementor-top-column elementor-element elementor-element-ebfb97c\" data-id=\"ebfb97c\" data-element_type=\"column\" data-e-type=\"column\">\n\t\t\t<div class=\"elementor-widget-wrap elementor-element-populated\">\n\t\t\t\t\t\t<div class=\"elementor-element elementor-element-6af2dd9f elementor-widget elementor-widget-image\" data-id=\"6af2dd9f\" data-element_type=\"widget\" data-e-type=\"widget\" data-widget_type=\"image.default\">\n\t\t\t\t<div class=\"elementor-widget-container\">\n\t\t\t\t\t\t\t\t\t\t\t\t\t\t\t<img decoding=\"async\" src=\"https:\/\/pragentever.com\/wp-content\/uploads\/2021\/04\/Logo-Ver-Branco-1.png\" title=\"\" alt=\"\" loading=\"lazy\" \/>\t\t\t\t\t\t\t\t\t\t\t\t\t\t\t<\/div>\n\t\t\t\t<\/div>\n\t\t\t\t<div class=\"elementor-element elementor-element-19a1b394 elementor-widget elementor-widget-heading\" data-id=\"19a1b394\" data-element_type=\"widget\" data-e-type=\"widget\" data-widget_type=\"heading.default\">\n\t\t\t\t<div class=\"elementor-widget-container\">\n\t\t\t\t\t<h2 class=\"elementor-heading-title elementor-size-default\">Pol\u00edtica de Privacidade<\/h2>\t\t\t\t<\/div>\n\t\t\t\t<\/div>\n\t\t\t\t<div class=\"elementor-element elementor-element-6e7045d1 elementor-widget elementor-widget-heading\" data-id=\"6e7045d1\" data-element_type=\"widget\" data-e-type=\"widget\" data-widget_type=\"heading.default\">\n\t\t\t\t<div class=\"elementor-widget-container\">\n\t\t\t\t\t<h3 class=\"elementor-heading-title elementor-size-default\">1. Quais dados coletamos sobre voc\u00ea e para qual finalidade?<\/h3>\t\t\t\t<\/div>\n\t\t\t\t<\/div>\n\t\t\t\t<div class=\"elementor-element elementor-element-21241019 elementor-widget elementor-widget-text-editor\" data-id=\"21241019\" data-element_type=\"widget\" data-e-type=\"widget\" data-widget_type=\"text-editor.default\">\n\t\t\t\t<div class=\"elementor-widget-container\">\n\t\t\t\t\t\t\t\t\tNosso site coleta e utiliza alguns dados pessoais seus, de forma a viabilizar a presta\u00e7\u00e3o de servi\u00e7os e aprimorar a experi\u00eancia de uso.\n\nH\u00e1 dados pessoais fornecidos pelo titular, como emails, telefones, data de nascimento, CPF e outras informa\u00e7\u00f5es necess\u00e1rias para reconhecer sua identidade e emitir certificados de conclus\u00e3o de cursos em seu nome.\n\nE dados pessoais coletados automaticamente como o endere\u00e7o IP, tipo de dispositivo, tipo de navegador, localiza\u00e7\u00e3o geogr\u00e1fica ampla (por exemplo, localiza\u00e7\u00e3o em n\u00edvel de pa\u00eds ou cidade) e outras informa\u00e7\u00f5es t\u00e9cnicas.\t\t\t\t\t\t\t\t<\/div>\n\t\t\t\t<\/div>\n\t\t\t\t<div class=\"elementor-element elementor-element-6c2af334 elementor-widget elementor-widget-heading\" data-id=\"6c2af334\" data-element_type=\"widget\" data-e-type=\"widget\" data-widget_type=\"heading.default\">\n\t\t\t\t<div class=\"elementor-widget-container\">\n\t\t\t\t\t<h3 class=\"elementor-heading-title elementor-size-default\">2. Como coletamos os seus dados?<\/h3>\t\t\t\t<\/div>\n\t\t\t\t<\/div>\n\t\t\t\t<div class=\"elementor-element elementor-element-500a12b5 elementor-widget elementor-widget-text-editor\" data-id=\"500a12b5\" data-element_type=\"widget\" data-e-type=\"widget\" data-widget_type=\"text-editor.default\">\n\t\t\t\t<div class=\"elementor-widget-container\">\n\t\t\t\t\t\t\t\t\t<p>Nesse sentido, a coleta dos seus dados pessoais ocorre da seguinte forma:<\/p><ol><li>Newsletter, na p\u00e1gina Home e posts das p\u00e1ginas Vereye;<\/li><li>Formul\u00e1rios de Progresso em cursos operados pela Vereye, An\u00e1lise do mercado e dos p\u00fablicos, Comunica\u00e7\u00e3o Institucional, Storytelling, Campanhas Publicit\u00e1rias, An\u00e1lise de M\u00e9tricas, Gerenciamento de Redes Sociais, Marketing de Conte\u00fado, SEO e estrat\u00e9gias para e-commerce, Marketing Digital, A\u00e7\u00f5es de Incentivo e Motiva\u00e7\u00e3o, Materiais de Treinamento;<\/li><li>Formul\u00e1rio de Contato, na p\u00e1gina respectiva do website.<\/li><\/ol>\t\t\t\t\t\t\t\t<\/div>\n\t\t\t\t<\/div>\n\t\t\t\t<div class=\"elementor-element elementor-element-65a67bc5 elementor-widget elementor-widget-heading\" data-id=\"65a67bc5\" data-element_type=\"widget\" data-e-type=\"widget\" data-widget_type=\"heading.default\">\n\t\t\t\t<div class=\"elementor-widget-container\">\n\t\t\t\t\t<h3 class=\"elementor-heading-title elementor-size-default\">3. Quais s\u00e3o os seus direitos?<\/h3>\t\t\t\t<\/div>\n\t\t\t\t<\/div>\n\t\t\t\t<div class=\"elementor-element elementor-element-5130cb98 elementor-widget elementor-widget-text-editor\" data-id=\"5130cb98\" data-element_type=\"widget\" data-e-type=\"widget\" data-widget_type=\"text-editor.default\">\n\t\t\t\t<div class=\"elementor-widget-container\">\n\t\t\t\t\t\t\t\t\t<p>A Vereye\u00a0assegura a seus usu\u00e1rios seus direitos de titular previstos no artigo 18 da Lei Geral de Prote\u00e7\u00e3o de Dados. Dessa forma, voc\u00ea pode, de maneira gratuita e a qualquer tempo:<\/p><ul><li><strong>Confirmar a exist\u00eancia de tratamento de dados,<\/strong> de maneira simplificada ou em formato claro e completo.<\/li><li><strong>Acessar seus dados<\/strong>, podendo solicit\u00e1-los em uma c\u00f3pia leg\u00edvel sob forma impressa ou por meio eletr\u00f4nico, seguro e id\u00f4neo.<\/li><li><strong>Corrigir seus dados<\/strong>, ao solicitar a edi\u00e7\u00e3o, corre\u00e7\u00e3o ou atualiza\u00e7\u00e3o destes.<\/li><li><strong>Limitar seus dados<\/strong>\u00a0quando desnecess\u00e1rios, excessivos ou tratados em desconformidade com a legisla\u00e7\u00e3o atrav\u00e9s da anonimiza\u00e7\u00e3o, bloqueio ou elimina\u00e7\u00e3o.<\/li><li><strong>Solicitar a portabilidade de seus dados<\/strong>, atrav\u00e9s de um relat\u00f3rio de dados cadastrais que a Vereye\u00a0trata a seu respeito.<\/li><li><strong>Eliminar seus dados<\/strong>\u00a0tratados a partir de seu consentimento, exceto nos casos previstos em lei.<\/li><li><strong>Revogar seu consentimento<\/strong>, desautorizando o tratamento de seus dados.<\/li><li><strong>Informar-se sobre a possibilidade de n\u00e3o fornecer seu consentimento<\/strong>\u00a0e sobre as consequ\u00eancias da negativa.<\/li><\/ul>\t\t\t\t\t\t\t\t<\/div>\n\t\t\t\t<\/div>\n\t\t\t\t<div class=\"elementor-element elementor-element-78a184 elementor-widget elementor-widget-heading\" data-id=\"78a184\" data-element_type=\"widget\" data-e-type=\"widget\" data-widget_type=\"heading.default\">\n\t\t\t\t<div class=\"elementor-widget-container\">\n\t\t\t\t\t<h3 class=\"elementor-heading-title elementor-size-default\">4. Como voc\u00ea pode exercer seus direitos de titular?<\/h3>\t\t\t\t<\/div>\n\t\t\t\t<\/div>\n\t\t\t\t<div class=\"elementor-element elementor-element-2e512b7 elementor-widget elementor-widget-text-editor\" data-id=\"2e512b7\" data-element_type=\"widget\" data-e-type=\"widget\" data-widget_type=\"text-editor.default\">\n\t\t\t\t<div class=\"elementor-widget-container\">\n\t\t\t\t\t\t\t\t\t<p>Para exercer seus direitos de titular, voc\u00ea deve entrar em contato com a Vereye\u00a0atrav\u00e9s do email privacidade@vereye.ai.<\/p><p><span style=\"font-size: 1rem;\">De forma a garantir a sua correta identifica\u00e7\u00e3o como titular dos dados pessoais objeto da solicita\u00e7\u00e3o, \u00e9 poss\u00edvel que solicitemos documentos ou demais comprova\u00e7\u00f5es que possam comprovar sua identidade. Nessa hip\u00f3tese, voc\u00ea ser\u00e1 informado previamente.<\/span><\/p>\t\t\t\t\t\t\t\t<\/div>\n\t\t\t\t<\/div>\n\t\t\t\t<div class=\"elementor-element elementor-element-1c1e189f elementor-widget elementor-widget-heading\" data-id=\"1c1e189f\" data-element_type=\"widget\" data-e-type=\"widget\" data-widget_type=\"heading.default\">\n\t\t\t\t<div class=\"elementor-widget-container\">\n\t\t\t\t\t<h3 class=\"elementor-heading-title elementor-size-default\">5. Como e por quanto tempo seus dados ser\u00e3o armazenados?<\/h3>\t\t\t\t<\/div>\n\t\t\t\t<\/div>\n\t\t\t\t<div class=\"elementor-element elementor-element-368c888b elementor-widget elementor-widget-text-editor\" data-id=\"368c888b\" data-element_type=\"widget\" data-e-type=\"widget\" data-widget_type=\"text-editor.default\">\n\t\t\t\t<div class=\"elementor-widget-container\">\n\t\t\t\t\t\t\t\t\t<p>Seus dados pessoais coletados pela Vereye\u00a0ser\u00e3o utilizados e armazenados durante o tempo necess\u00e1rio para a presta\u00e7\u00e3o do servi\u00e7o ou para que as finalidades elencadas na presente Pol\u00edtica de Privacidade sejam atingidas, considerando os direitos dos titulares dos dados e dos controladores.<\/p><p>De modo geral, seus dados ser\u00e3o mantidos enquanto a rela\u00e7\u00e3o contratual entre voc\u00ea e a Vereye\u00a0perdurar. Findado o per\u00edodo de armazenamento dos dados pessoais, estes ser\u00e3o exclu\u00eddos de nossas bases de dados ou anonimizados, ressalvadas as hip\u00f3teses legalmente previstas no artigo 16 lei geral de prote\u00e7\u00e3o de dados, a saber:<\/p><p style=\"padding-left: 40px;\">I \u2013 cumprimento de obriga\u00e7\u00e3o legal ou regulat\u00f3ria pelo controlador;<\/p><p style=\"padding-left: 40px;\">II \u2013 estudo por \u00f3rg\u00e3o de pesquisa, garantida, sempre que poss\u00edvel, a anonimiza\u00e7\u00e3o dos dados pessoais;<\/p><p style=\"padding-left: 40px;\">III \u2013 transfer\u00eancia a terceiro, desde que respeitados os requisitos de tratamento de dados dispostos nesta Lei; ou<\/p><p style=\"padding-left: 40px;\">IV \u2013 uso exclusivo do controlador, vedado seu acesso por terceiro, e desde que anonimizados os dados.<\/p><p>Isto \u00e9, informa\u00e7\u00f5es pessoais sobre voc\u00ea que sejam imprescind\u00edveis para o cumprimento de determina\u00e7\u00f5es legais, judiciais e administrativas e\/ou para o exerc\u00edcio do direito de defesa em processos judiciais e administrativos ser\u00e3o mantidas, a despeito da exclus\u00e3o dos demais dados.\u00a0<\/p><p>O armazenamento de dados coletados pela Vereye\u00a0reflete o nosso compromisso com a seguran\u00e7a e privacidade dos seus dados. Empregamos medidas e solu\u00e7\u00f5es t\u00e9cnicas de prote\u00e7\u00e3o aptas a garantir a confidencialidade, integridade e inviolabilidade dos seus dados. Al\u00e9m disso, tamb\u00e9m contamos com medidas de seguran\u00e7a apropriadas aos riscos e com controle de acesso \u00e0s informa\u00e7\u00f5es armazenadas.<\/p>\t\t\t\t\t\t\t\t<\/div>\n\t\t\t\t<\/div>\n\t\t\t\t<div class=\"elementor-element elementor-element-1878bc53 elementor-widget elementor-widget-heading\" data-id=\"1878bc53\" data-element_type=\"widget\" data-e-type=\"widget\" data-widget_type=\"heading.default\">\n\t\t\t\t<div class=\"elementor-widget-container\">\n\t\t\t\t\t<h3 class=\"elementor-heading-title elementor-size-default\">6. O que fazemos para manter seus dados seguros?<\/h3>\t\t\t\t<\/div>\n\t\t\t\t<\/div>\n\t\t\t\t<div class=\"elementor-element elementor-element-5d109259 elementor-widget elementor-widget-text-editor\" data-id=\"5d109259\" data-element_type=\"widget\" data-e-type=\"widget\" data-widget_type=\"text-editor.default\">\n\t\t\t\t<div class=\"elementor-widget-container\">\n\t\t\t\t\t\t\t\t\t<p>Para mantermos suas informa\u00e7\u00f5es pessoais seguras, usamos ferramentas f\u00edsicas, eletr\u00f4nicas e gerenciais orientadas para a prote\u00e7\u00e3o da sua privacidade.<\/p><p>Aplicamos essas ferramentas levando em considera\u00e7\u00e3o a natureza dos dados pessoais coletados, o contexto e a finalidade do tratamento e os riscos que eventuais viola\u00e7\u00f5es gerariam para os direitos e liberdades do titular dos dados coletados e tratados.<\/p><p>Entre as medidas que adotamos, destacamos as seguintes:<\/p><ul><li>Apenas pessoas autorizadas t\u00eam acesso a seus dados pessoais<\/li><li>O acesso a seus dados pessoais \u00e9 feito somente ap\u00f3s o compromisso de confidencialidade<\/li><li>Seus dados pessoais s\u00e3o armazenados em ambiente seguro e id\u00f4neo.<\/li><\/ul><div>\u00a0<\/div><p>A Vereye\u00a0se compromete a adotar as melhores posturas para evitar incidentes de seguran\u00e7a. Contudo, \u00e9 necess\u00e1rio destacar que nenhuma p\u00e1gina virtual \u00e9 inteiramente segura e livre de riscos. \u00c9 poss\u00edvel que, apesar de todos os nossos protocolos de seguran\u00e7a, problemas de culpa exclusivamente de terceiros ocorram, como ataques cibern\u00e9ticos de\u00a0<em>hackers<\/em>, ou tamb\u00e9m em decorr\u00eancia da neglig\u00eancia ou imprud\u00eancia do pr\u00f3prio usu\u00e1rio\/cliente.<\/p><p>Em caso de incidentes de seguran\u00e7a que possa gerar risco ou dano relevante para voc\u00ea ou qualquer um de nossos usu\u00e1rios\/clientes, comunicaremos aos afetados e a Autoridade Nacional de Prote\u00e7\u00e3o de Dados sobre o ocorrido, em conson\u00e2ncia com as disposi\u00e7\u00f5es da Lei Geral de Prote\u00e7\u00e3o de Dados.<\/p>\t\t\t\t\t\t\t\t<\/div>\n\t\t\t\t<\/div>\n\t\t\t\t<div class=\"elementor-element elementor-element-7af93d89 elementor-widget elementor-widget-heading\" data-id=\"7af93d89\" data-element_type=\"widget\" data-e-type=\"widget\" data-widget_type=\"heading.default\">\n\t\t\t\t<div class=\"elementor-widget-container\">\n\t\t\t\t\t<h3 class=\"elementor-heading-title elementor-size-default\">7. Com quem seus dados podem ser compartilhados?<\/h3>\t\t\t\t<\/div>\n\t\t\t\t<\/div>\n\t\t\t\t<div class=\"elementor-element elementor-element-261901ea elementor-widget elementor-widget-text-editor\" data-id=\"261901ea\" data-element_type=\"widget\" data-e-type=\"widget\" data-widget_type=\"text-editor.default\">\n\t\t\t\t<div class=\"elementor-widget-container\">\n\t\t\t\t\t\t\t\t\t<p>Tendo em vista a preserva\u00e7\u00e3o de sua privacidade, a Vereye\u00a0n\u00e3o compartilhar\u00e1 seus dados pessoais com nenhum terceiro n\u00e3o autorizado.<\/p><p>Seus dados poder\u00e3o ser compartilhados com nossos parceiros comerciais:<\/p><p style=\"padding-left: 40px;\"><i>\u2013 No momento n\u00e3o h\u00e1 parceiros comerciais com acesso aos dados.<\/i><\/p><p>Estes recebem seus dados apenas na medida do necess\u00e1rio para a presta\u00e7\u00e3o dos servi\u00e7os contratados e nossos contratos s\u00e3o orientados pelas normas de prote\u00e7\u00e3o de dados do ordenamento jur\u00eddico brasileiro.<\/p><p>Todavia, nossos parceiros t\u00eam suas pr\u00f3prias Pol\u00edticas de Privacidade, que podem divergir desta. Recomendamos a leitura desses documentos, que voc\u00ea pode acessar aqui:<\/p><p>Pol\u00edtica de Privacidade do nosso parceiro:<\/p><p style=\"padding-left: 40px;\"><i>\u2013 No momento n\u00e3o h\u00e1 parceiros comerciais com acesso aos dados.<\/i><\/p><p>Al\u00e9m disso, tamb\u00e9m existem outras hip\u00f3teses em que seus dados poder\u00e3o ser compartilhados, que s\u00e3o:<\/p><p style=\"padding-left: 40px;\">I \u2013 Determina\u00e7\u00e3o legal, requerimento, requisi\u00e7\u00e3o ou ordem judicial, com autoridades judiciais, administrativas ou governamentais competentes.<\/p><p style=\"padding-left: 40px;\">II \u2013 Caso de movimenta\u00e7\u00f5es societ\u00e1rias, como fus\u00e3o, aquisi\u00e7\u00e3o e incorpora\u00e7\u00e3o, de forma autom\u00e1tica<\/p><p style=\"padding-left: 40px;\">III \u2013 Prote\u00e7\u00e3o dos direitos da Vereye\u00a0em qualquer tipo de conflito, inclusive os de teor judicial.<\/p><p>\u00a0<\/p><h6><strong>7.1. Transfer\u00eancia internacional de dados<\/strong><\/h6><p>Alguns dos terceiros com quem compartilhamos seus dados podem ser localizados ou ou possuir instala\u00e7\u00f5es localizadas em pa\u00edses estrangeiros. Nessas condi\u00e7\u00f5es, de toda forma, seus dados pessoais estar\u00e3o sujeitos \u00e0 Lei Geral de Prote\u00e7\u00e3o de Dados e \u00e0s demais legisla\u00e7\u00f5es brasileiras de prote\u00e7\u00e3o de dados<\/p><p>Nesse sentido, a Vereye\u00a0se compromete a sempre adotar eficientes padr\u00f5es de seguran\u00e7a cibern\u00e9tica e de prote\u00e7\u00e3o de dados, nos melhores esfor\u00e7os de garantir e cumprir as exig\u00eancias legislativas.<\/p><p>Ao concordar com essa Pol\u00edtica de Privacidade, voc\u00ea concorda com esse compartilhamento, que se dar\u00e1 conforme as finalidades descritas no presente instrumento.<\/p>\t\t\t\t\t\t\t\t<\/div>\n\t\t\t\t<\/div>\n\t\t\t\t<div class=\"elementor-element elementor-element-102ac8ac elementor-widget elementor-widget-heading\" data-id=\"102ac8ac\" data-element_type=\"widget\" data-e-type=\"widget\" data-widget_type=\"heading.default\">\n\t\t\t\t<div class=\"elementor-widget-container\">\n\t\t\t\t\t<h3 class=\"elementor-heading-title elementor-size-default\">8. Cookies ou dados de navega\u00e7\u00e3o<\/h3>\t\t\t\t<\/div>\n\t\t\t\t<\/div>\n\t\t\t\t<div class=\"elementor-element elementor-element-27ea3110 elementor-widget elementor-widget-text-editor\" data-id=\"27ea3110\" data-element_type=\"widget\" data-e-type=\"widget\" data-widget_type=\"text-editor.default\">\n\t\t\t\t<div class=\"elementor-widget-container\">\n\t\t\t\t\t\t\t\t\t<p>A Vereye\u00a0faz uso de Cookies, que s\u00e3o arquivos de texto enviados pela plataforma ao seu computador e que nele se armazenam, que cont\u00e9m informa\u00e7\u00f5es relacionadas \u00e0 navega\u00e7\u00e3o do site. Em suma, os Cookies s\u00e3o utilizados para aprimorar a experi\u00eancia de uso.<\/p><p>Ao acessar nosso site e consentir com o uso de Cookies, voc\u00ea manifesta conhecer e aceitar a utiliza\u00e7\u00e3o de um sistema de coleta de dados de navega\u00e7\u00e3o com o uso de Cookies em seu dispositivo.<\/p><p><em>A\u00a0<\/em>Vereye<em>\u00a0utiliza os seguintes Cookies:<\/em><\/p><p style=\"padding-left: 40px;\"><em><strong>(descri\u00e7\u00e3o dos tipos de Cookies utilizados pelo site).<\/strong><\/em><\/p><p>Voc\u00ea pode, a qualquer tempo e sem nenhum custo, alterar as permiss\u00f5es, bloquear ou recusar os Cookies. Todavia, a revoga\u00e7\u00e3o do consentimento de determinados Cookies pode inviabilizar o funcionamento correto de alguns recursos da plataforma.<\/p><p>Para gerenciar os cookies do seu navegador, basta faz\u00ea-lo diretamente nas configura\u00e7\u00f5es do navegador, na \u00e1rea de gest\u00e3o de Cookies. Voc\u00ea pode acessar tutoriais sobre o tema diretamente nos links abaixo:<\/p><p>Se voc\u00ea usa o\u00a0<a href=\"https:\/\/support.microsoft.com\/pt-br\/help\/17442\/windows-internet-explorer-delete-manage-cookies\" target=\"_blank\" rel=\"noopener\">Internet Explorer<\/a>.<\/p><p>Se voc\u00ea usa o\u00a0<a href=\"https:\/\/support.mozilla.org\/pt-BR\/kb\/gerencie-configuracoes-de-armazenamento-local-de-s\" target=\"_blank\" rel=\"noopener\">Firefox<\/a>.<\/p><p>Se voc\u00ea usa o\u00a0<a href=\"https:\/\/support.apple.com\/pt-br\/guide\/safari\/sfri11471\/mac\" target=\"_blank\" rel=\"noopener\">Safari<\/a>.<\/p><p>Se voc\u00ea usa o\u00a0<a href=\"https:\/\/support.google.com\/chrome\/answer\/95647?co=GENIE.Platform%3DDesktop&amp;oco=1&amp;hl=pt-BR\" target=\"_blank\" rel=\"noopener\">Google Chrome<\/a>.<\/p><p>Se voc\u00ea usa o\u00a0<a href=\"https:\/\/support.microsoft.com\/pt-br\/help\/4027947\/microsoft-edge-delete-cookies\" target=\"_blank\" rel=\"noopener\">Microsoft Edge<\/a>.<\/p><p>Se voc\u00ea usa o\u00a0<a href=\"https:\/\/help.opera.com\/en\/latest\/web-preferences\/#cookies\" target=\"_blank\" rel=\"noopener\" data-et-has-event-already=\"true\">Opera<\/a>.<\/p><p>Voc\u00ea pode ter maiores informa\u00e7\u00f5es sobre os Cookies que utilizamos e como eles funcionam na nossa Pol\u00edtica de Cookies, dispon\u00edvel neste link:<\/p><p style=\"padding-left: 40px;\"><em>(link para a Pol\u00edtica de Cookies)<\/em>.<\/p>\t\t\t\t\t\t\t\t<\/div>\n\t\t\t\t<\/div>\n\t\t\t\t\t<\/div>\n\t\t<\/div>\n\t\t\t\t\t<\/div>\n\t\t<\/section>\n\t\t\t\t<\/div>\n\t\t","protected":false},"excerpt":{"rendered":"<p>Pol\u00edtica de Privacidade 1. Quais dados coletamos sobre voc\u00ea e para qual finalidade? Nosso site coleta e utiliza alguns dados pessoais seus, de forma a viabilizar a presta\u00e7\u00e3o de servi\u00e7os e aprimorar a experi\u00eancia de uso. H\u00e1 dados pessoais fornecidos pelo titular, como emails, telefones, data de nascimento, CPF e outras informa\u00e7\u00f5es necess\u00e1rias para reconhecer [&hellip;]<\/p>\n","protected":false},"author":1,"featured_media":0,"parent":0,"menu_order":0,"comment_status":"closed","ping_status":"closed","template":"elementor_canvas","meta":{"footnotes":""},"class_list":["post-978","page","type-page","status-publish","hentry"],"_links":{"self":[{"href":"https:\/\/pragentever.com\/api\/wp\/v2\/pages\/978","targetHints":{"allow":["GET"]}}],"collection":[{"href":"https:\/\/pragentever.com\/api\/wp\/v2\/pages"}],"about":[{"href":"https:\/\/pragentever.com\/api\/wp\/v2\/types\/page"}],"author":[{"embeddable":true,"href":"https:\/\/pragentever.com\/api\/wp\/v2\/users\/1"}],"replies":[{"embeddable":true,"href":"https:\/\/pragentever.com\/api\/wp\/v2\/comments?post=978"}],"version-history":[{"count":31,"href":"https:\/\/pragentever.com\/api\/wp\/v2\/pages\/978\/revisions"}],"predecessor-version":[{"id":1041,"href":"https:\/\/pragentever.com\/api\/wp\/v2\/pages\/978\/revisions\/1041"}],"wp:attachment":[{"href":"https:\/\/pragentever.com\/api\/wp\/v2\/media?parent=978"}],"curies":[{"name":"wp","href":"https:\/\/api.w.org\/{rel}","templated":true}]}}